{"id":3519,"date":"2025-06-30T05:50:23","date_gmt":"2025-06-30T05:50:23","guid":{"rendered":"https:\/\/www.vardaultratrail.com\/?page_id=3519"},"modified":"2026-08-14T05:37:12","modified_gmt":"2026-08-14T05:37:12","slug":"train","status":"publish","type":"page","link":"https:\/\/www.vardaultratrail.com\/en\/train\/","title":{"rendered":"Belemedik Trail"},"content":{"rendered":"<section class=\"wpb-content-wrapper\"><div class=\"vc_row wpb_row row top-row wpb_custom_034b39d9bc6c6b310d69e39f0ccf274f\"><div class=\"vc_column_container col-md-4\"><div class=\"wpb_wrapper vc_column-inner\"><\/div><\/div><div class=\"vc_column_container col-md-4\"><div class=\"wpb_wrapper vc_column-inner\">\r\n\t<div class=\"wpb_single_image wpb_content_element vc_align_left  wpb_custom_81a4f7ef9830bf958462581aa01150fb\"><div class=\"wpb_wrapper\">\r\n\t\t\t\r\n\t\t\t<div class=\"vc_single_image-wrapper   vc_box_border_grey\"><img loading=\"lazy\" decoding=\"async\" width=\"1274\" height=\"1410\" src=\"https:\/\/www.vardaultratrail.com\/wp-content\/uploads\/2026\/08\/varda27k.webp\" class=\"vc_single_image-img attachment-full\" alt=\"\" title=\"varda27k\" srcset=\"https:\/\/www.vardaultratrail.com\/wp-content\/uploads\/2026\/08\/varda27k.webp 1274w, https:\/\/www.vardaultratrail.com\/wp-content\/uploads\/2026\/08\/varda27k-925x1024.webp 925w, https:\/\/www.vardaultratrail.com\/wp-content\/uploads\/2026\/08\/varda27k-768x850.webp 768w, https:\/\/www.vardaultratrail.com\/wp-content\/uploads\/2026\/08\/varda27k-640x708.webp 640w, https:\/\/www.vardaultratrail.com\/wp-content\/uploads\/2026\/08\/varda27k-400x443.webp 400w\" sizes=\"auto, (max-width: 1274px) 100vw, 1274px\" \/><\/div>\r\n\t\t<\/div>\r\n\t<\/div>\r\n<div class=\"vc_btn3-container vc_btn3-center\" >\r\n\t<a class=\"vc_btn3 vc_btn3-shape-round wpb_custom_6687b26f39488ddbb85ddb3c1ce8e111 btn btn-borders btn-md btn-primary btn-arrow\" style=\"font-size:20px;\" href=\"https:\/\/kosu.taf.org.tr\/yarisma_detay.php?id=213\" title=\"\" target=\"_blank\">Register<span class=\"icon-wrapper\"><i class=\"fas fa-chevron-right\"><\/i><\/span><\/a>\t<\/div>\r\n<\/div><\/div><div class=\"vc_column_container col-md-4\"><div class=\"wpb_wrapper vc_column-inner\"><\/div><\/div><\/div><div class=\"vc_row wpb_row row top-row wpb_custom_034b39d9bc6c6b310d69e39f0ccf274f\"><div class=\"vc_column_container col-md-12\"><div class=\"wpb_wrapper vc_column-inner\">\n\t<div class=\"wpb_raw_code wpb_content_element wpb_raw_html\" >\n\t\t<div class=\"wpb_wrapper\">\n\t\t\t<div class=\"strava-embed-placeholder\" data-embed-type=\"route\" data-embed-id=\"3387373605451855684\" data-units=\"metric\" data-full-width=\"true\" data-style=\"standard\" data-terrain=\"3d\" data-surface-type=\"true\" data-map-hash=\"9.95\/37.2839\/34.947\" data-club-id=\"1009325\" data-from-embed=\"true\"><\/div><script src=\"https:\/\/strava-embeds.com\/embed.js\"><\/script>\n\t\t<\/div>\n\t<\/div>\n<\/div><\/div><\/div><div class=\"vc_row wpb_row row top-row wpb_custom_034b39d9bc6c6b310d69e39f0ccf274f\"><div class=\"vc_column_container col-md-3\"><div class=\"wpb_wrapper vc_column-inner\"><\/div><\/div><div class=\"vc_column_container col-md-3\"><div class=\"wpb_wrapper vc_column-inner\"><div class=\"vc_btn3-container vc_btn3-center\" >\r\n\t<a class=\"vc_general vc_btn3 vc_btn3-size-xs vc_btn3-shape-default vc_btn3-style-3d vc_btn3-block wpb_custom_6687b26f39488ddbb85ddb3c1ce8e111 vc_btn3-icon-right vc_btn3-color-grey btn\" href=\"https:\/\/www.vardaultratrail.com\/wp-content\/uploads\/2025\/10\/Train-27k-2025.kml\" title=\"\">KML <i class=\"vc_btn3-icon fas fa-download\"><\/i><\/a>\t<\/div>\r\n<\/div><\/div><div class=\"vc_column_container col-md-3\"><div class=\"wpb_wrapper vc_column-inner\"><div class=\"vc_btn3-container vc_btn3-center\" >\r\n\t<a class=\"vc_general vc_btn3 vc_btn3-size-xs vc_btn3-shape-default vc_btn3-style-3d vc_btn3-block wpb_custom_6687b26f39488ddbb85ddb3c1ce8e111 vc_btn3-icon-right vc_btn3-color-grey btn\" href=\"https:\/\/www.vardaultratrail.com\/wp-content\/uploads\/2025\/10\/Train-27k-2025.gpx\" title=\"\">GPX <i class=\"vc_btn3-icon fas fa-download\"><\/i><\/a>\t<\/div>\r\n<\/div><\/div><div class=\"vc_column_container col-md-3\"><div class=\"wpb_wrapper vc_column-inner\"><\/div><\/div><\/div><div class=\"vc_row wpb_row row top-row wpb_custom_034b39d9bc6c6b310d69e39f0ccf274f\"><div class=\"vc_column_container col-md-12\"><div class=\"wpb_wrapper vc_column-inner\">\r\n\t<div class=\"wpb_single_image wpb_content_element vc_align_left  wpb_custom_81a4f7ef9830bf958462581aa01150fb\"><div class=\"wpb_wrapper\">\r\n\t\t\t\r\n\t\t\t<div class=\"vc_single_image-wrapper   vc_box_border_grey\"><img loading=\"lazy\" decoding=\"async\" width=\"1600\" height=\"876\" src=\"https:\/\/www.vardaultratrail.com\/wp-content\/uploads\/2025\/08\/IMG_8061.jpg\" class=\"vc_single_image-img attachment-full\" alt=\"\" title=\"\" srcset=\"https:\/\/www.vardaultratrail.com\/wp-content\/uploads\/2025\/08\/IMG_8061.jpg 1600w, https:\/\/www.vardaultratrail.com\/wp-content\/uploads\/2025\/08\/IMG_8061-1024x561.jpg 1024w, https:\/\/www.vardaultratrail.com\/wp-content\/uploads\/2025\/08\/IMG_8061-768x420.jpg 768w, https:\/\/www.vardaultratrail.com\/wp-content\/uploads\/2025\/08\/IMG_8061-1536x841.jpg 1536w, https:\/\/www.vardaultratrail.com\/wp-content\/uploads\/2025\/08\/IMG_8061-640x350.jpg 640w, https:\/\/www.vardaultratrail.com\/wp-content\/uploads\/2025\/08\/IMG_8061-400x219.jpg 400w\" sizes=\"auto, (max-width: 1600px) 100vw, 1600px\" \/><\/div>\r\n\t\t<\/div>\r\n\t<\/div>\r\n<\/div><\/div><\/div><div class=\"vc_row wpb_row row top-row wpb_custom_034b39d9bc6c6b310d69e39f0ccf274f\"><div class=\"vc_column_container col-md-3\"><div class=\"wpb_wrapper vc_column-inner\">\r\n\t<div class=\"wpb_single_image wpb_content_element vc_align_left  wpb_custom_81a4f7ef9830bf958462581aa01150fb\"><div class=\"wpb_wrapper\">\r\n\t\t\t\r\n\t\t\t<div class=\"vc_single_image-wrapper   vc_box_border_grey\"><img loading=\"lazy\" decoding=\"async\" width=\"1869\" height=\"783\" src=\"https:\/\/www.vardaultratrail.com\/wp-content\/uploads\/2025\/06\/1-point-itra.png\" class=\"vc_single_image-img attachment-full\" alt=\"\" title=\"\" srcset=\"https:\/\/www.vardaultratrail.com\/wp-content\/uploads\/2025\/06\/1-point-itra.png 1869w, https:\/\/www.vardaultratrail.com\/wp-content\/uploads\/2025\/06\/1-point-itra-1024x429.png 1024w, https:\/\/www.vardaultratrail.com\/wp-content\/uploads\/2025\/06\/1-point-itra-768x322.png 768w, https:\/\/www.vardaultratrail.com\/wp-content\/uploads\/2025\/06\/1-point-itra-1536x643.png 1536w, https:\/\/www.vardaultratrail.com\/wp-content\/uploads\/2025\/06\/1-point-itra-640x268.png 640w, https:\/\/www.vardaultratrail.com\/wp-content\/uploads\/2025\/06\/1-point-itra-400x168.png 400w\" sizes=\"auto, (max-width: 1869px) 100vw, 1869px\" \/><\/div>\r\n\t\t<\/div>\r\n\t<\/div>\r\n<\/div><\/div><div class=\"vc_column_container col-md-3\"><div class=\"wpb_wrapper vc_column-inner\"><\/div><\/div><div class=\"vc_column_container col-md-3\"><div class=\"wpb_wrapper vc_column-inner\"><\/div><\/div><div class=\"vc_column_container col-md-3\"><div class=\"wpb_wrapper vc_column-inner\">\r\n\t<div class=\"wpb_single_image wpb_content_element vc_align_right  wpb_custom_81a4f7ef9830bf958462581aa01150fb\"><div class=\"wpb_wrapper\">\r\n\t\t\t\r\n\t\t\t<div class=\"vc_single_image-wrapper   vc_box_border_grey\"><img loading=\"lazy\" decoding=\"async\" width=\"2560\" height=\"827\" src=\"https:\/\/www.vardaultratrail.com\/wp-content\/uploads\/2025\/06\/Index-20K-1-scaled.png\" class=\"vc_single_image-img attachment-full\" alt=\"\" title=\"\" srcset=\"https:\/\/www.vardaultratrail.com\/wp-content\/uploads\/2025\/06\/Index-20K-1-scaled.png 2560w, https:\/\/www.vardaultratrail.com\/wp-content\/uploads\/2025\/06\/Index-20K-1-1024x331.png 1024w, https:\/\/www.vardaultratrail.com\/wp-content\/uploads\/2025\/06\/Index-20K-1-768x248.png 768w, https:\/\/www.vardaultratrail.com\/wp-content\/uploads\/2025\/06\/Index-20K-1-1536x496.png 1536w, https:\/\/www.vardaultratrail.com\/wp-content\/uploads\/2025\/06\/Index-20K-1-2048x662.png 2048w, https:\/\/www.vardaultratrail.com\/wp-content\/uploads\/2025\/06\/Index-20K-1-640x207.png 640w, https:\/\/www.vardaultratrail.com\/wp-content\/uploads\/2025\/06\/Index-20K-1-400x129.png 400w\" sizes=\"auto, (max-width: 2560px) 100vw, 2560px\" \/><\/div>\r\n\t\t<\/div>\r\n\t<\/div>\r\n<\/div><\/div><\/div><div class=\"vc_row wpb_row row top-row wpb_custom_034b39d9bc6c6b310d69e39f0ccf274f\"><div class=\"vc_column_container col-md-12\"><div class=\"wpb_wrapper vc_column-inner\">\r\n\t<div class=\"wpb_text_column  wpb_custom_7c91d232724f73626cc933bd95b25ff0\" >\r\n\t\t<div class=\"wpb_wrapper\">\r\n\t\t\t<div>\n<h1 data-start=\"185\" data-end=\"198\"><strong data-start=\"187\" data-end=\"198\">PROGRAMME<\/strong><\/h1>\n<hr data-start=\"200\" data-end=\"203\" \/>\n<h3 data-start=\"205\" data-end=\"230\"><strong data-start=\"209\" data-end=\"230\">Friday, 6 November 2026<\/strong><\/h3>\n<p data-start=\"232\" data-end=\"345\"><strong data-start=\"232\" data-end=\"249\">12:00 \u2013 20:00<\/strong><br data-start=\"249\" data-end=\"252\" \/>Distribution of race kits at the designated registration area<br data-start=\"317\" data-end=\"320\" \/><a href=\"https:\/\/goo.gl\/maps\/ZRuQ4Dn3HRoQLA7h8\" target=\"_blank\" rel=\"noopener\"><em data-start=\"320\" data-end=\"345\">Adana Train Station Square<\/em><\/a><\/p>\n<p data-start=\"347\" data-end=\"402\"><strong data-start=\"347\" data-end=\"356\">18:00<\/strong><br data-start=\"356\" data-end=\"359\" \/>Pasta Party<br data-start=\"374\" data-end=\"377\" \/><a href=\"https:\/\/goo.gl\/maps\/ZRuQ4Dn3HRoQLA7h8\" target=\"_blank\" rel=\"noopener\"><em data-start=\"377\" data-end=\"402\">Adana Train Station Square<\/em><\/a><\/p>\n<hr data-start=\"404\" data-end=\"407\" \/>\n<h3 data-start=\"409\" data-end=\"439\"><strong data-start=\"413\" data-end=\"439\">Saturday, 7 November 2026<\/strong><\/h3>\n<p data-start=\"441\" data-end=\"547\"><strong data-start=\"441\" data-end=\"458\">05:00 \u2013 08:00<\/strong><br data-start=\"458\" data-end=\"461\" \/>Late race kit distribution for Varda Ultra Trail, Belemedik Trail and Bridge Trail<br data-start=\"519\" data-end=\"522\" \/><a href=\"https:\/\/goo.gl\/maps\/ZRuQ4Dn3HRoQLA7h8\" target=\"_blank\" rel=\"noopener\"><em data-start=\"522\" data-end=\"547\">Adana Train Station Square<\/em><\/a><\/p>\n<p data-start=\"549\" data-end=\"675\"><strong data-start=\"549\" data-end=\"558\">06:00<\/strong><br data-start=\"558\" data-end=\"561\" \/>Bus departure for Varda Ultra Trail participants to Yerk\u00f6pr\u00fc Start Point<br data-start=\"647\" data-end=\"650\" \/><a href=\"https:\/\/goo.gl\/maps\/ZRuQ4Dn3HRoQLA7h8\" target=\"_blank\" rel=\"noopener\"><em data-start=\"650\" data-end=\"675\">Adana Train Station Square<\/em><\/a><\/p>\n<p data-start=\"677\" data-end=\"730\"><strong data-start=\"677\" data-end=\"686\">07:30<\/strong><br data-start=\"686\" data-end=\"689\" \/>Varda Ultra Trail Start<br data-start=\"717\" data-end=\"720\" \/><a href=\"https:\/\/maps.app.goo.gl\/4skHDH9wp5dMBXcv6wp5dMBXcv6\"><em data-start=\"720\" data-end=\"730\">Yerk\u00f6pr\u00fc<\/em><\/a><\/p>\n<p data-start=\"732\" data-end=\"845\"><strong data-start=\"732\" data-end=\"741\">08:00<\/strong><br data-start=\"741\" data-end=\"744\" \/>Bus departure time for Belemedik Trail competitors to the Belemedik Start point<br data-start=\"817\" data-end=\"820\" \/><a href=\"https:\/\/goo.gl\/maps\/ZRuQ4Dn3HRoQLA7h8\"><em data-start=\"820\" data-end=\"845\">Adana Train Station Square<\/em><\/a><\/p>\n<p data-start=\"847\" data-end=\"919\"><strong data-start=\"847\" data-end=\"856\">08:30<\/strong><br data-start=\"856\" data-end=\"859\" \/>Bus departure time for the Bridge Trail<br data-start=\"891\" data-end=\"894\" \/><a href=\"https:\/\/goo.gl\/maps\/ZRuQ4Dn3HRoQLA7h8\"><em data-start=\"894\" data-end=\"919\">Adana Train Station Square<\/em><\/a><\/p>\n<p data-start=\"921\" data-end=\"971\"><strong data-start=\"921\" data-end=\"930\">10:30<\/strong><br data-start=\"930\" data-end=\"933\" \/>Belemedik Trail start<br data-start=\"949\" data-end=\"952\" \/><a href=\"https:\/\/goo.gl\/maps\/e4rVJcArjob1koxRA\"><em data-start=\"952\" data-end=\"971\">Belemedik Square<\/em><\/a><\/p>\n<p data-start=\"973\" data-end=\"1015\"><strong data-start=\"973\" data-end=\"982\">10:30<\/strong><br data-start=\"982\" data-end=\"985\" \/>Bridge Trail start<br data-start=\"1002\" data-end=\"1005\" \/><a href=\"https:\/\/maps.app.goo.gl\/4skHDH9wp5dMBXcv6wp5dMBXcv6\" target=\"_blank\" rel=\"noopener\"><em data-start=\"1005\" data-end=\"1015\">Yerk\u00f6pr\u00fc<\/em><\/a><\/p>\n<p data-start=\"1017\" data-end=\"1096\"><strong data-start=\"1017\" data-end=\"1026\">11:45<\/strong><br data-start=\"1026\" data-end=\"1029\" \/>Approximate arrival time of the first Bridge Trail finisher<br data-start=\"1070\" data-end=\"1073\" \/><a href=\"https:\/\/goo.gl\/maps\/8XFL5HJRuxAVCbmGA\" target=\"_blank\" rel=\"noopener\"><em data-start=\"1073\" data-end=\"1096\">Varda Bridge Square<\/em><\/a><\/p>\n<p data-start=\"1098\" data-end=\"1176\"><strong data-start=\"1098\" data-end=\"1107\">12:45<\/strong><br data-start=\"1107\" data-end=\"1110\" \/>Approximate arrival time of the first Belemedik Trail finisher<br data-start=\"1150\" data-end=\"1153\" \/><a href=\"https:\/\/goo.gl\/maps\/8XFL5HJRuxAVCbmGA\" target=\"_blank\" rel=\"noopener\"><em data-start=\"1153\" data-end=\"1176\">Varda Bridge Square<\/em><\/a><\/p>\n<p data-start=\"1178\" data-end=\"1268\"><strong data-start=\"1178\" data-end=\"1187\">13:45<\/strong><br data-start=\"1187\" data-end=\"1190\" \/>Estimated arrival time of the first Varda Ultra Trail finisher<br data-start=\"1242\" data-end=\"1245\" \/><a href=\"https:\/\/goo.gl\/maps\/8XFL5HJRuxAVCbmGA\" target=\"_blank\" rel=\"noopener\"><em data-start=\"1245\" data-end=\"1268\">Varda Bridge Square<\/em><\/a><\/p>\n<p data-start=\"1270\" data-end=\"1337\"><strong data-start=\"1270\" data-end=\"1279\">13:30<\/strong><br data-start=\"1279\" data-end=\"1282\" \/>Bridge Trail cut-off time<br data-start=\"1311\" data-end=\"1314\" \/><a href=\"https:\/\/goo.gl\/maps\/8XFL5HJRuxAVCbmGA\" target=\"_blank\" rel=\"noopener\"><em data-start=\"1314\" data-end=\"1337\">Varda Bridge Square<\/em><\/a><\/p>\n<p data-start=\"1339\" data-end=\"1405\"><strong data-start=\"1339\" data-end=\"1348\">16:30<\/strong><br data-start=\"1348\" data-end=\"1351\" \/>Belemedik Trail cut-off time<br data-start=\"1379\" data-end=\"1382\" \/><a href=\"https:\/\/goo.gl\/maps\/8XFL5HJRuxAVCbmGA\" target=\"_blank\" rel=\"noopener\"><em data-start=\"1382\" data-end=\"1405\">Varda Bridge Square<\/em><\/a><\/p>\n<p><strong data-start=\"1339\" data-end=\"1348\">17:00<\/strong><br data-start=\"1348\" data-end=\"1351\" \/>Awards ceremony for Belemedik Trail and Bridge Trail<br data-start=\"1379\" data-end=\"1382\" \/><a href=\"https:\/\/goo.gl\/maps\/8XFL5HJRuxAVCbmGA\" target=\"_blank\" rel=\"noopener\"><em data-start=\"1382\" data-end=\"1405\">Varda Bridge Square<\/em><\/a><\/p>\n<p data-start=\"1407\" data-end=\"1485\"><strong data-start=\"1407\" data-end=\"1416\">18:30<\/strong><br data-start=\"1416\" data-end=\"1419\" \/>Varda Ultra Trail Cut-Off Time<br data-start=\"1459\" data-end=\"1462\" \/><a href=\"https:\/\/goo.gl\/maps\/8XFL5HJRuxAVCbmGA\" target=\"_blank\" rel=\"noopener\"><em data-start=\"1462\" data-end=\"1485\">Varda Bridge Square<\/em><\/a><\/p>\n<p data-start=\"1407\" data-end=\"1485\"><strong data-start=\"1407\" data-end=\"1416\">18:30<\/strong><br data-start=\"1416\" data-end=\"1419\" \/>Awards ceremony for Varda Ultra Trail Trail<br data-start=\"1459\" data-end=\"1462\" \/><a href=\"https:\/\/goo.gl\/maps\/8XFL5HJRuxAVCbmGA\" target=\"_blank\" rel=\"noopener\"><em data-start=\"1462\" data-end=\"1485\">Varda Bridge Square<\/em><\/a><\/p>\n<hr data-start=\"1608\" data-end=\"1611\" \/>\n<h1 data-start=\"1613\" data-end=\"1645\"><strong data-start=\"1615\" data-end=\"1645\">GENERAL INFORMATION AND RULES<\/strong><\/h1>\n<hr data-start=\"1647\" data-end=\"1650\" \/>\n<p>Belemedik Trail General Information<br \/>\nBelemedik Trail \u2013 The race will start from the Square of Belemedik, a town within the boundaries of Pozant\u0131 district in Adana, known as one of the most strategic points of the Baghdad\u2013Hejaz Railway, which was built by the Germans during the First World War and planned for completion. This is a 26 km mountain trail race with an elevation gain of +1,050 metres. Competitors will have an unforgettable experience in the \u00c7ak\u0131t Valley, between Belemedik Nature National Park and the historic Varda Bridge at the other end, which has a history spanning a hundred years, was built during the First World War and still actively connects countries and cultures. The race will finish at Varda Bridge Square.<\/p>\n<p>The race will start from Belemedik Square at 10:30 on Saturday, 7 November 2026. Competitors will have a total of 6 hours to complete the course. Competitors will take part in the race on the basis of partial qualification.<\/p>\n<hr data-start=\"2389\" data-end=\"2392\" \/>\n<h2 data-start=\"2394\" data-end=\"2417\"><strong data-start=\"2397\" data-end=\"2417\">Participation Requirements<\/strong><\/h2>\n<ul>\n<li data-start=\"2421\" data-end=\"2474\">Open to all athletes aged 18 and above.<\/li>\n<li>Athletes may participate with either a medical report issued within the last 6 months stating that there is no impediment to running, or a valid athlete's licence issued by a valid federation affiliated with the Athletics, Triathlon, Cycling or Mountaineering Federations of the Republic of T\u00fcrkiye, bearing a valid visa.<\/li>\n<li>Medical reports provided in languages other than Turkish will not be accepted.<\/li>\n<\/ul>\n<h2 data-start=\"2544\" data-end=\"2556\"><strong data-start=\"2547\" data-end=\"2556\">Registration<\/strong><\/h2>\n<h3 data-start=\"2558\" data-end=\"2576\">a) Registration Method<\/h3>\n<ul data-start=\"2578\" data-end=\"3103\">\n<li data-start=\"2578\" data-end=\"2626\">\n<p data-start=\"2580\" data-end=\"2626\">Only registered runners are allowed to participate in the race.<\/p>\n<\/li>\n<li data-start=\"2627\" data-end=\"2716\">\n<p data-start=\"2629\" data-end=\"2716\">Registration will take place via the website www.kosu.taf.org.tr.<\/p>\n<\/li>\n<li data-start=\"2717\" data-end=\"2770\">\n<p data-start=\"2719\" data-end=\"2770\">The registration deadline is 25 October 2026 at 23:59.<\/p>\n<\/li>\n<\/ul>\n<p>&nbsp;\n<\/p><\/div>\n<p><a href=\"https:\/\/www.vardaultratrail.com\/en\/train-program\/\" target=\"_blank\" rel=\"noopener\"><strong>CLICK HERE FOR MORE DETAILS..&gt;&gt;<\/strong><\/a><\/p>\n\r\n\t\t<\/div>\r\n\t<\/div>\r\n<\/div><\/div><\/div><div class=\"vc_row wpb_row row top-row wpb_custom_034b39d9bc6c6b310d69e39f0ccf274f\"><div class=\"vc_column_container col-md-12\"><div class=\"wpb_wrapper vc_column-inner\">\r\n\t<div class=\"wpb_text_column  wpb_custom_7c91d232724f73626cc933bd95b25ff0\" >\r\n\t\t<div class=\"wpb_wrapper\">\r\n\t\t\t<h1 data-start=\"185\" data-end=\"198\"><strong data-start=\"187\" data-end=\"198\">RUNNERS<\/strong><\/h1>\n\r\n\t\t<\/div>\r\n\t<\/div>\r\n<div class=\"vc_empty_space\"   style=\"height: 32px\"><span class=\"vc_empty_space_inner\"><\/span><\/div><\/div><\/div><\/div><div class=\"vc_row wpb_row row top-row wpb_custom_034b39d9bc6c6b310d69e39f0ccf274f\"><div class=\"vc_column_container col-md-12\"><div class=\"wpb_wrapper vc_column-inner\">\n\t<div class=\"wpb_raw_code wpb_content_element wpb_raw_html\" >\n\t\t<div class=\"wpb_wrapper\">\n\t\t\t <iframe src=\"https:\/\/kosu.taf.org.tr\/katilimcilar.php?yarisma=213\" style=\"width: 100%; height: 850px;\"><\/iframe>\n\t\t<\/div>\n\t<\/div>\n<\/div><\/div><\/div>\n<\/section>","protected":false},"excerpt":{"rendered":"Kay\u0131t Ol KML GPX PROGRAM 6 Kas\u0131m 2026 Cuma 12:00 \u2013 20:00Haz\u0131rlanan kay\u0131t alan\u0131nda Yar\u0131\u015f kitlerinin da\u011f\u0131t\u0131lmaya ba\u015flanmas\u0131Adana Tren Gar\u0131 Meydan\u0131 18:00Makarna PartisiAdana Tren Gar\u0131 Meydan\u0131 7 Kas\u0131m 2026 Cumartesi 05:00 \u2013 08:00Varda Ultra Trail, Belemedik Trail ve Bridge Trail ge\u00e7 yar\u0131\u015f kiti da\u011f\u0131t\u0131m\u0131Adana Tren Gar\u0131 Meydan\u0131 06:00Varda Ultra Trail yar\u0131\u015fmac\u0131lar\u0131 i\u00e7in Yerk\u00f6pr\u00fc Start noktas\u0131na [...]","protected":false},"author":1,"featured_media":0,"parent":0,"menu_order":0,"comment_status":"closed","ping_status":"closed","template":"","meta":{"footnotes":""},"class_list":["post-3519","page","type-page","status-publish","hentry"],"yoast_head":"<!-- This site is optimized with the Yoast SEO plugin v28.2 - https:\/\/yoast.com\/product\/yoast-seo-wordpress\/ -->\n<title>Belemedik Trail - VARDA ULTRA TRAIL<\/title>\n<meta name=\"robots\" content=\"index, follow, max-snippet:-1, max-image-preview:large, max-video-preview:-1\" \/>\n<link rel=\"canonical\" href=\"https:\/\/www.vardaultratrail.com\/en\/train\/\" \/>\n<meta property=\"og:locale\" content=\"en_GB\" \/>\n<meta property=\"og:type\" content=\"article\" \/>\n<meta property=\"og:title\" content=\"Belemedik Trail - VARDA ULTRA TRAIL\" \/>\n<meta property=\"og:url\" content=\"https:\/\/www.vardaultratrail.com\/en\/train\/\" \/>\n<meta property=\"og:site_name\" content=\"VARDA ULTRA TRAIL\" \/>\n<meta property=\"article:modified_time\" content=\"2026-08-14T05:37:12+00:00\" \/>\n<meta name=\"twitter:card\" content=\"summary_large_image\" \/>\n<meta name=\"twitter:label1\" content=\"Estimated reading time\" \/>\n\t<meta name=\"twitter:data1\" content=\"3 minutes\" \/>\n<script type=\"application\/ld+json\" class=\"yoast-schema-graph\">{\"@context\":\"https:\\\/\\\/schema.org\",\"@graph\":[{\"@type\":\"WebPage\",\"@id\":\"https:\\\/\\\/www.vardaultratrail.com\\\/train\\\/\",\"url\":\"https:\\\/\\\/www.vardaultratrail.com\\\/train\\\/\",\"name\":\"Belemedik Trail - VARDA ULTRA TRAIL\",\"isPartOf\":{\"@id\":\"https:\\\/\\\/www.vardaultratrail.com\\\/#website\"},\"datePublished\":\"2025-06-30T05:50:23+00:00\",\"dateModified\":\"2026-08-14T05:37:12+00:00\",\"breadcrumb\":{\"@id\":\"https:\\\/\\\/www.vardaultratrail.com\\\/train\\\/#breadcrumb\"},\"inLanguage\":\"en-GB\",\"potentialAction\":[{\"@type\":\"ReadAction\",\"target\":[\"https:\\\/\\\/www.vardaultratrail.com\\\/train\\\/\"]}]},{\"@type\":\"BreadcrumbList\",\"@id\":\"https:\\\/\\\/www.vardaultratrail.com\\\/train\\\/#breadcrumb\",\"itemListElement\":[{\"@type\":\"ListItem\",\"position\":1,\"name\":\"Anasayfa\",\"item\":\"https:\\\/\\\/www.vardaultratrail.com\\\/\"},{\"@type\":\"ListItem\",\"position\":2,\"name\":\"Belemedik Trail\"}]},{\"@type\":\"WebSite\",\"@id\":\"https:\\\/\\\/www.vardaultratrail.com\\\/#website\",\"url\":\"https:\\\/\\\/www.vardaultratrail.com\\\/\",\"name\":\"VARDA ULTRA TRAIL\",\"description\":\"\",\"publisher\":{\"@id\":\"https:\\\/\\\/www.vardaultratrail.com\\\/#organization\"},\"potentialAction\":[{\"@type\":\"SearchAction\",\"target\":{\"@type\":\"EntryPoint\",\"urlTemplate\":\"https:\\\/\\\/www.vardaultratrail.com\\\/?s={search_term_string}\"},\"query-input\":{\"@type\":\"PropertyValueSpecification\",\"valueRequired\":true,\"valueName\":\"search_term_string\"}}],\"inLanguage\":\"en-GB\"},{\"@type\":\"Organization\",\"@id\":\"https:\\\/\\\/www.vardaultratrail.com\\\/#organization\",\"name\":\"VARDA ULTRA TRAIL\",\"url\":\"https:\\\/\\\/www.vardaultratrail.com\\\/\",\"logo\":{\"@type\":\"ImageObject\",\"inLanguage\":\"en-GB\",\"@id\":\"https:\\\/\\\/www.vardaultratrail.com\\\/#\\\/schema\\\/logo\\\/image\\\/\",\"url\":\"https:\\\/\\\/www.vardaultratrail.com\\\/wp-content\\\/uploads\\\/2025\\\/06\\\/Varda_Ultra_Trail_Logo-04.png\",\"contentUrl\":\"https:\\\/\\\/www.vardaultratrail.com\\\/wp-content\\\/uploads\\\/2025\\\/06\\\/Varda_Ultra_Trail_Logo-04.png\",\"width\":1301,\"height\":496,\"caption\":\"VARDA ULTRA TRAIL\"},\"image\":{\"@id\":\"https:\\\/\\\/www.vardaultratrail.com\\\/#\\\/schema\\\/logo\\\/image\\\/\"},\"sameAs\":[\"https:\\\/\\\/www.instagram.com\\\/vardaultratrail\\\/\"]}]}<\/script>\n<!-- \/ Yoast SEO plugin. -->","yoast_head_json":{"title":"Belemedik Trail - VARDA ULTRA TRAIL","robots":{"index":"index","follow":"follow","max-snippet":"max-snippet:-1","max-image-preview":"max-image-preview:large","max-video-preview":"max-video-preview:-1"},"canonical":"https:\/\/www.vardaultratrail.com\/en\/train\/","og_locale":"en_GB","og_type":"article","og_title":"Belemedik Trail - VARDA ULTRA TRAIL","og_url":"https:\/\/www.vardaultratrail.com\/en\/train\/","og_site_name":"VARDA ULTRA TRAIL","article_modified_time":"2026-08-14T05:37:12+00:00","twitter_card":"summary_large_image","twitter_misc":{"Estimated reading time":"3 minutes"},"schema":{"@context":"https:\/\/schema.org","@graph":[{"@type":"WebPage","@id":"https:\/\/www.vardaultratrail.com\/train\/","url":"https:\/\/www.vardaultratrail.com\/train\/","name":"Belemedik Trail - VARDA ULTRA TRAIL","isPartOf":{"@id":"https:\/\/www.vardaultratrail.com\/#website"},"datePublished":"2025-06-30T05:50:23+00:00","dateModified":"2026-08-14T05:37:12+00:00","breadcrumb":{"@id":"https:\/\/www.vardaultratrail.com\/train\/#breadcrumb"},"inLanguage":"en-GB","potentialAction":[{"@type":"ReadAction","target":["https:\/\/www.vardaultratrail.com\/train\/"]}]},{"@type":"BreadcrumbList","@id":"https:\/\/www.vardaultratrail.com\/train\/#breadcrumb","itemListElement":[{"@type":"ListItem","position":1,"name":"Anasayfa","item":"https:\/\/www.vardaultratrail.com\/"},{"@type":"ListItem","position":2,"name":"Belemedik Trail"}]},{"@type":"WebSite","@id":"https:\/\/www.vardaultratrail.com\/#website","url":"https:\/\/www.vardaultratrail.com\/","name":"VARDA ULTRA TRAIL","description":"","publisher":{"@id":"https:\/\/www.vardaultratrail.com\/#organization"},"potentialAction":[{"@type":"SearchAction","target":{"@type":"EntryPoint","urlTemplate":"https:\/\/www.vardaultratrail.com\/?s={search_term_string}"},"query-input":{"@type":"PropertyValueSpecification","valueRequired":true,"valueName":"search_term_string"}}],"inLanguage":"en-GB"},{"@type":"Organization","@id":"https:\/\/www.vardaultratrail.com\/#organization","name":"VARDA ULTRA TRAIL","url":"https:\/\/www.vardaultratrail.com\/","logo":{"@type":"ImageObject","inLanguage":"en-GB","@id":"https:\/\/www.vardaultratrail.com\/#\/schema\/logo\/image\/","url":"https:\/\/www.vardaultratrail.com\/wp-content\/uploads\/2025\/06\/Varda_Ultra_Trail_Logo-04.png","contentUrl":"https:\/\/www.vardaultratrail.com\/wp-content\/uploads\/2025\/06\/Varda_Ultra_Trail_Logo-04.png","width":1301,"height":496,"caption":"VARDA ULTRA TRAIL"},"image":{"@id":"https:\/\/www.vardaultratrail.com\/#\/schema\/logo\/image\/"},"sameAs":["https:\/\/www.instagram.com\/vardaultratrail\/"]}]}},"_links":{"self":[{"href":"https:\/\/www.vardaultratrail.com\/en\/wp-json\/wp\/v2\/pages\/3519","targetHints":{"allow":["GET"]}}],"collection":[{"href":"https:\/\/www.vardaultratrail.com\/en\/wp-json\/wp\/v2\/pages"}],"about":[{"href":"https:\/\/www.vardaultratrail.com\/en\/wp-json\/wp\/v2\/types\/page"}],"author":[{"embeddable":true,"href":"https:\/\/www.vardaultratrail.com\/en\/wp-json\/wp\/v2\/users\/1"}],"replies":[{"embeddable":true,"href":"https:\/\/www.vardaultratrail.com\/en\/wp-json\/wp\/v2\/comments?post=3519"}],"version-history":[{"count":25,"href":"https:\/\/www.vardaultratrail.com\/en\/wp-json\/wp\/v2\/pages\/3519\/revisions"}],"predecessor-version":[{"id":3848,"href":"https:\/\/www.vardaultratrail.com\/en\/wp-json\/wp\/v2\/pages\/3519\/revisions\/3848"}],"wp:attachment":[{"href":"https:\/\/www.vardaultratrail.com\/en\/wp-json\/wp\/v2\/media?parent=3519"}],"curies":[{"name":"wp","href":"https:\/\/api.w.org\/{rel}","templated":true}]}}